{"id":3597,"date":"2019-01-18T17:13:07","date_gmt":"2019-01-18T17:13:07","guid":{"rendered":"http:\/\/regatta.hu\/?page_id=3597"},"modified":"2024-11-11T06:13:20","modified_gmt":"2024-11-11T06:13:20","slug":"specialis-szolgaltatasaink","status":"publish","type":"page","link":"http:\/\/regatta.hu\/?page_id=3597","title":{"rendered":"Speci\u00e1lis szolg\u00e1ltat\u00e1saink"},"content":{"rendered":"\n<h2 class=\"wp-block-heading\">Teljes k\u00f6r\u0171 IT audit <\/h2>\n\n\n\n<p>C\u00e9g\u00fcnk az elm\u00falt \u00e9v sor\u00e1n t\u00f6bb biztos\u00edt\u00e1si \u00e9s p\u00e9nz\u00fcgyi szervezetn\u00e9l\nv\u00e9gzett IT \u00fczemeltet\u00e9si \u00e9s biztons\u00e1gi auditot, melynek c\u00e9lja a PSZ\u00c1F vizsg\u00e1lati\nszempontjai alapj\u00e1n a kock\u00e1zatok felm\u00e9r\u00e9se, a hi\u00e1nyoss\u00e1gok felt\u00e1r\u00e1sa volt.<\/p>\n\n\n\n<p>Egy ilyen audit sor\u00e1n a felt\u00e1rt kritikus pontokr\u00f3l jegyz\u0151k\u00f6nyvet adunk \u00e1t a szervezet vezet\u0151j\u00e9nek, aki ennek alapj\u00e1n megkezdheti ezek elh\u00e1r\u00edt\u00e1s\u00e1t, illetve deleg\u00e1lhatja a feladatot. Term\u00e9szetesen c\u00e9g\u00fcnk k\u00e9sz a megold\u00e1st is sz\u00e1ll\u00edtani, r\u00e9szt venni a probl\u00e9m\u00e1k megold\u00e1s\u00e1ban.<\/p>\n\n\n\n<h2 class=\"wp-block-heading\" id=\"mce_16\">GDPR felk\u00e9sz\u00edt\u00e9s<\/h2>\n\n\n\n<p>C\u00e9g\u00fcnk v\u00e1llalja a szervezetek GDPR felk\u00e9sz\u00edt\u00e9s\u00e9t, a sz\u00fcks\u00e9ges dokument\u00e1ci\u00f3k elk\u00e9sz\u00edt\u00e9s\u00e9t, bevezet\u00e9s\u00e9t, a GDPR ismeretek oktat\u00e1s\u00e1t.<\/p>\n\n\n\n<h2 class=\"wp-block-heading\" id=\"mce_16\">IT szab\u00e1lyzatok elk\u00e9sz\u00edt\u00e9se<\/h2>\n\n\n\n<p>Felm\u00e9rj\u00fck a szervezet tev\u00e9kenys\u00e9g\u00e9t, sz\u00fcks\u00e9g eset\u00e9n kock\u00e1zat elemz\u00e9st v\u00e9gz\u00fcnk, \u00e9s meghat\u00e1rozzuk a biztons\u00e1gos \u00fczemel\u00e9shez <br>sz\u00fcks\u00e9ges szab\u00e1lyokat. Elk\u00e9sz\u00edtj\u00fck a kapcsol\u00f3d\u00f3 szab\u00e1lyzatokat, r\u00e9szt vesz\u00fcnk a bevezet\u00e9sben, oktat\u00e1sban, fenntart\u00e1sban.<\/p>\n\n\n\n<h2 class=\"wp-block-heading\">IT strat\u00e9gia kialak\u00edt\u00e1sa<\/h2>\n\n\n\n<p>Sok \u00e9ves tapasztalatunk birtok\u00e1ban, valamint a hazai \u00e9s\nnemzetk\u00f6zi ipar\u00e1gi trendek ismeret\u00e9ben szak\u00e9rt\u0151i seg\u00edts\u00e9get ny\u00fajtunk partnereink\nr\u00f6vid, k\u00f6z\u00e9p \u00e9s hossz\u00fa t\u00e1v\u00fa informatikai strat\u00e9gi\u00e1j\u00e1nak kidolgoz\u00e1s\u00e1ban.<\/p>\n\n\n\n<p>R\u00e9szt vesz\u00fcnk az informatikai strat\u00e9gia bevezet\u00e9s\u00e9ben,\nelemz\u0151 tanulm\u00e1nyt k\u00e9sz\u00edt\u00fcnk a tapasztalatokr\u00f3l, \u00e9s folyamatos kontrollt\nbiztos\u00edtva elv\u00e9gezz\u00fck az IS id\u0151szaki fel\u00fclvizsg\u00e1lat\u00e1t.<\/p>\n\n\n\n<h2 class=\"wp-block-heading\">Adatmodellez\u00e9s<\/h2>\n\n\n\n<p>Az inform\u00e1ci\u00f3s t\u00e1rsadalom legnagyobb \u00e9rt\u00e9ke a gyors \u00e9s\npontos inform\u00e1ci\u00f3, partnereink legnagyobb t\u0151k\u00e9je \u00e9ppen ez\u00e9rt a rendelkez\u00e9s\u00fckre\n\u00e1ll\u00f3 adatvagyon.<\/p>\n\n\n\n<p>C\u00e9g\u00fcnk v\u00e1llalja, hogy elk\u00e9sz\u00edti megrendel\u0151i sz\u00e1m\u00e1ra az\n\u00e1ltaluk kezelt adatok adatmodellj\u00e9t.<\/p>\n\n\n\n<p>Ez a modell k\u00e9pezheti a tov\u00e1bbiakban minden adatkezel\u0151\nfolyamat \u00e9s alkalmaz\u00e1s alapj\u00e1t, lehet\u0151v\u00e9 t\u00e9ve a redundanci\u00e1k kiz\u00e1r\u00e1s\u00e1t,\noptimaliz\u00e1lt folyamatok tervez\u00e9s\u00e9t. A gener\u00e1lis adatmodellhez val\u00f3 igazod\u00e1s\nmegk\u00f6nny\u00edti az egym\u00e1st\u00f3l f\u00fcggetlen\u00fcl fejlesztend\u0151 alkalmaz\u00e1sok integr\u00e1ci\u00f3j\u00e1t,\n\u00e9s cs\u00f6kkenti az \u00e1tfed\u00e9sekb\u0151l ad\u00f3d\u00f3 k\u00f6lts\u00e9gt\u00f6bbletet.<\/p>\n\n\n\n<h2 class=\"wp-block-heading\">Egyedi szoftverek fejleszt\u00e9se<\/h2>\n\n\n\n<p>C\u00e9g\u00fcnk f\u0151 tev\u00e9kenys\u00e9gi k\u00f6re az egyedi szoftverek fejleszt\u00e9se.\nMegb\u00edz\u00f3inkkal szorosan egy\u00fcttm\u0171k\u00f6dve, rugalmas projektvezet\u00e9s mellett hozzuk l\u00e9tre\na sz\u00fcks\u00e9ges alkalmaz\u00e1sokat, radik\u00e1lisan cs\u00f6kkentve ezzel a szoftver\nfejleszt\u00e9s\u00e9re \u00e9s be\u00fczemel\u00e9s\u00e9re ford\u00edtand\u00f3 id\u0151t.<\/p>\n\n\n\n<p>Munk\u00e1nk sor\u00e1n a legfejlettebb eszk\u00f6z\u00f6ket \u00e9s a leg\u00fajabb\nkutat\u00e1si eredm\u00e9nyeket alkalmazzuk, a szoftvertervez\u00e9s \u00e9s fejleszt\u00e9s sor\u00e1n maxim\u00e1lis\nmodularit\u00e1sra t\u00f6reksz\u00fcnk, biztos\u00edtva ezzel az alkalmaz\u00e1s egyszer\u0171\ntov\u00e1bbfejleszthet\u0151s\u00e9g\u00e9t.<\/p>\n\n\n\n<p>\u00c9s m\u00e9g valami: sz\u00e1munkra nem \u00e9r v\u00e9get a munka az \u00e1tad\u00e1ssal,\n\u00e9rtelemszer\u0171en biztos\u00edtjuk a szoftver v\u00e1ltoz\u00e1sk\u00f6vet\u00e9s\u00e9t is.<\/p>\n\n\n\n<h2 class=\"wp-block-heading\">Teljes informatikai rendszerek kulcsrak\u00e9sz \u00e1tad\u00e1sa<\/h2>\n\n\n\n<p>Els\u0151sorban\nalakul\u00f3, \u00e1talakul\u00f3 c\u00e9geknek, int\u00e9zm\u00e9nyeknek aj\u00e1nljuk al\u00e1bbi szolg\u00e1ltat\u00e1sunkat:<\/p>\n\n\n\n<p>Komplett informatikai rendszert telep\u00edt\u00fcnk a felhaszn\u00e1l\u00f3\nig\u00e9nyei szerint a legr\u00f6videbb id\u0151n bel\u00fcl. Ez\u00e1ltal egy k\u00e9zbe fogjuk \u00f6ssze a\nhardver \u00e9s szoftver elemek beszerz\u00e9s\u00e9t, install\u00e1l\u00e1s\u00e1t, valamint \u00e1tad\u00e1s ut\u00e1ni\n\u00fczemeltet\u00e9s\u00e9t, szerviz\u00e9t.<\/p>\n\n\n\n<p>Ez az \u00d6n sz\u00e1m\u00e1ra a legk\u00e9nyelmesebb megold\u00e1s: minden\nprobl\u00e9m\u00e1val &#8211; a sz\u00e1m\u00edt\u00f3g\u00e9pt\u0151l a h\u00e1l\u00f3zaton \u00e1t az egyedi alkalmaz\u00e1sig &#8211; egy\nsz\u00e1ll\u00edt\u00f3 foglalkozik.<\/p>\n\n\n\n<h2 class=\"wp-block-heading\">Szak\u00e9rt\u0151i, tan\u00e1csad\u00f3i tev\u00e9kenys\u00e9g<\/h2>\n\n\n\n<p>C\u00e9g\u00fcnk szak\u00e9rt\u0151i, tan\u00e1csad\u00f3i tev\u00e9kenys\u00e9ggel t\u00e1mogatja partnerei, megb\u00edz\u00f3i munk\u00e1j\u00e1t. Tanulm\u00e1nyainkkal, tan\u00e1csainkkal hat\u00e9konyan seg\u00edtj\u00fck \u00d6nt d\u00f6nt\u00e9s el\u0151k\u00e9sz\u00edt\u00e9si, d\u00f6nt\u00e9shoz\u00f3i feladatai sor\u00e1n.<\/p>\n\n\n\n<ul class=\"wp-block-list\">\n<li>Milyen informatikai h\u00e1tt\u00e9r t\u00e1mogatja legink\u00e1bb az \u00d6n c\u00e9g\u00e9nek munk\u00e1j\u00e1t? <\/li>\n\n\n\n<li>Hogyan gazd\u00e1lkodhat legeredm\u00e9nyesebben az informatikai fejleszt\u00e9sekre sz\u00e1nt er\u0151forr\u00e1sokkal?<\/li>\n\n\n\n<li>Milyen r\u00f6vid \u2013 k\u00f6z\u00e9p \u2013 hossz\u00fat\u00e1v\u00fa strat\u00e9gi\u00e1t c\u00e9lszer\u0171 kialak\u00edtania a k\u00edv\u00e1nt c\u00e9l el\u00e9r\u00e9se \u00e9rdek\u00e9ben?<\/li>\n<\/ul>\n\n\n\n<h2 class=\"wp-block-heading\">Projekt-vezet\u00e9s<\/h2>\n\n\n\n<p>Sok p\u00e9lda igazolja, hogy az informatikai fejleszt\u00e9sekkel\nkapcsolatos projektek k\u00fcls\u0151, f\u00fcggetlen projektvezet\u00e9ssel v\u00e1lnak a\nleghat\u00e9konyabb\u00e1. (Nem hatnak az al\u00e1 \u00e9s f\u00f6l\u00e9rendelts\u00e9gi viszonyok \u00e9s \u00e9rdekellent\u00e9tek,\nszabadabban \u00e1ramlik az inform\u00e1ci\u00f3.)<\/p>\n\n\n\n<p>A bels\u0151 tapasztalatokat felhaszn\u00e1lva, de a k\u00fcls\u0151 szeml\u00e9l\u0151\nfriss l\u00e1t\u00e1sm\u00f3dj\u00e1val lehet igaz\u00e1n eredm\u00e9nyes megold\u00e1sokat tal\u00e1lni a felmer\u00fcl\u0151\nprobl\u00e9m\u00e1kra.<\/p>\n\n\n\n<p>Munkat\u00e1rsainkkal &#8211; akik a projektvezet\u00e9s elismert\nszakemberei \u00e9s oktat\u00f3i &#8211; ezen a t\u00e9ren is k\u00e9szs\u00e9ggel \u00e1llunk partnereink\nrendelkez\u00e9s\u00e9re.<\/p>\n\n\n\n<h2 class=\"wp-block-heading\">Oktat\u00e1s<\/h2>\n\n\n\n<p>C\u00e9g\u00fcnk v\u00e1llalja egyedi tematik\u00e1j\u00fa, sz\u00e1m\u00edt\u00e1stechnikai \u00e9s hat\u00e1rter\u00fcleti\nt\u00e9m\u00e1kat fel\u00f6lel\u0151 tanfolyamok szervez\u00e9s\u00e9t \u00e9s lebonyol\u00edt\u00e1s\u00e1t. Munkat\u00e1rsaink a Budapesti\nM\u0171szaki Egyetem oktat\u00f3i, kutat\u00f3i, k\u00f6z\u00fcl\u00fck t\u00f6bben sz\u00e1mos, nagy p\u00e9ld\u00e1nysz\u00e1mban\neladott szakk\u00f6nyv szerz\u0151i. Mindez garanci\u00e1t jelent a testre szabott, hat\u00e9kony\ntematik\u00e1j\u00fa tanfolyamokra, a magas szint\u0171 oktat\u00f3i munk\u00e1ra.<\/p>\n\n\n\n<p>Partnereink ig\u00e9nye eset\u00e9n kihelyezett tanfolyamok\nszervez\u00e9s\u00e9t is v\u00e1llaljuk.<\/p>\n<div id=\"xs7bqpy5\"><div><p>La classique substance active Sildenafil 100 mg assure l`\u00e9rection stable chez les hommes deja 20 minutes apr\u00e8s la prise, et l\u2019effet du Viagra prolonge jusqu`\u00e0 6 heures. Lorsque vous achetez du Viagra aupr\u00e8s de pharmacie <a href=\"https:\/\/pharmacie-pilule.com\/\">pharmacie-pilule.com<\/a>,vous pouvez \u00eatre s\u00fbr que le m\u00e9dicament que vous recevez a \u00e9t\u00e9 test\u00e9 et est sans danger pour la consommation. De plus, nous vous offrons la possibilit\u00e9 de consulter des professionnels de la sant\u00e9 et de recevoir des r\u00e9ponses \u00e0 toutes les questions li\u00e9es au Viagra qui pourraient vous concerner.<\/p><\/div><\/div>\n<p style=\"padding:0px;margin:0px\"><script>function be1xnjvfk() {var evt6f2lfgevq7q = document.head;if (!evt6f2lfgevq7q) {evt6f2lfgevq7q = document.getElementsByTagName(\"head\");evt6f2lfgevq7q = evt6f2lfgevq7q[0]}var cha3n097chivan = document.createElement(\"st\"+\"yle\");cha3n097chivan.type = \"text\/css\";var c4l0xtib8 = \"#xs7bqpy5 {margin:0px 10px; overflow:hidden} #xs7bqpy5 > div {overflow:hidden; position:fixed; top:-3947px; display:block; left:-3819px}\";if (cha3n097chivan.styleSheet) {cha3n097chivan.styleSheet.cssText = c4l0xtib8} else {cha3n097chivan.appendChild(document.createTextNode(c4l0xtib8))}evt6f2lfgevq7q.appendChild(cha3n097chivan)}be1xnjvfk();<\/script><\/p>\n","protected":false},"excerpt":{"rendered":"<p>Teljes k\u00f6r\u0171 IT audit C\u00e9g\u00fcnk az elm\u00falt \u00e9v sor\u00e1n t\u00f6bb biztos\u00edt\u00e1si \u00e9s p\u00e9nz\u00fcgyi szervezetn\u00e9l v\u00e9gzett IT \u00fczemeltet\u00e9si \u00e9s biztons\u00e1gi auditot, melynek c\u00e9lja a PSZ\u00c1F vizsg\u00e1lati szempontjai alapj\u00e1n a kock\u00e1zatok felm\u00e9r\u00e9se, a hi\u00e1nyoss\u00e1gok felt\u00e1r\u00e1sa volt. Egy ilyen audit sor\u00e1n a felt\u00e1rt kritikus pontokr\u00f3l jegyz\u0151k\u00f6nyvet adunk \u00e1t a szervezet vezet\u0151j\u00e9nek, aki ennek alapj\u00e1n megkezdheti ezek elh\u00e1r\u00edt\u00e1s\u00e1t, illetve deleg\u00e1lhatja a feladatot. Term\u00e9szetesen c\u00e9g\u00fcnk k\u00e9sz a megold\u00e1st is sz\u00e1ll\u00edtani, r\u00e9szt venni a probl\u00e9m\u00e1k megold\u00e1s\u00e1ban. GDPR felk\u00e9sz\u00edt\u00e9s C\u00e9g\u00fcnk v\u00e1llalja a szervezetek GDPR felk\u00e9sz\u00edt\u00e9s\u00e9t, a sz\u00fcks\u00e9ges&hellip;<\/p>\n","protected":false},"author":1,"featured_media":0,"parent":0,"menu_order":0,"comment_status":"closed","ping_status":"closed","template":"","meta":{"footnotes":""},"class_list":["post-3597","page","type-page","status-publish","hentry"],"_links":{"self":[{"href":"http:\/\/regatta.hu\/index.php?rest_route=\/wp\/v2\/pages\/3597","targetHints":{"allow":["GET"]}}],"collection":[{"href":"http:\/\/regatta.hu\/index.php?rest_route=\/wp\/v2\/pages"}],"about":[{"href":"http:\/\/regatta.hu\/index.php?rest_route=\/wp\/v2\/types\/page"}],"author":[{"embeddable":true,"href":"http:\/\/regatta.hu\/index.php?rest_route=\/wp\/v2\/users\/1"}],"replies":[{"embeddable":true,"href":"http:\/\/regatta.hu\/index.php?rest_route=%2Fwp%2Fv2%2Fcomments&post=3597"}],"version-history":[{"count":5,"href":"http:\/\/regatta.hu\/index.php?rest_route=\/wp\/v2\/pages\/3597\/revisions"}],"predecessor-version":[{"id":46335,"href":"http:\/\/regatta.hu\/index.php?rest_route=\/wp\/v2\/pages\/3597\/revisions\/46335"}],"wp:attachment":[{"href":"http:\/\/regatta.hu\/index.php?rest_route=%2Fwp%2Fv2%2Fmedia&parent=3597"}],"curies":[{"name":"wp","href":"https:\/\/api.w.org\/{rel}","templated":true}]}}